{"id":86,"date":"2022-07-27T07:56:12","date_gmt":"2022-07-27T07:56:12","guid":{"rendered":"http:\/\/192.168.0.119\/?page_id=86"},"modified":"2022-07-27T13:37:47","modified_gmt":"2022-07-27T13:37:47","slug":"cdi","status":"publish","type":"page","link":"http:\/\/www.eminescu.rdsor.ro\/index.php\/cdi\/","title":{"rendered":"CDI"},"content":{"rendered":"<div class=\"vc_row wpb_row vc_inner vc_row-fluid\">\n<div class=\"wpb_column vc_column_container vc_col-sm-8\">\n<div class=\"vc_column-inner \">\n<div class=\"wpb_wrapper\">\n<div class=\"thim-widget-heading\">\n<div class=\"sc_heading text-center\">\n<h3 class=\"title\">CENTRUL DE DOCUMENTARE \u015eI INFORMARE (CDI)<\/h3>\n<\/div>\n<\/div>\n<div class=\"wpb_text_column wpb_content_element \">\n<div class=\"wpb_wrapper\">\n<p><strong>CDI (Centrul de Documentare \u015fi Informare)<\/strong>\u00a0este o structur\u0103 infodocumentar\u0103 modern\u0103, un centru de resurse pluridisciplinare \u015fi multimedia, care ofer\u0103 beneficiarilor un spa\u0163iu de formare, de comunicare, de informare \u015fi de exploatare a fondului documentar \u015fi a tehnologiilor informa\u0163iei \u015fi comunic\u0103rii \u00een educa\u0163ie,un loc de cultur\u0103,deschidere, \u00eent\u00e2lnire \u015fi integrare.<\/p>\n<p>(art. 6 din Regulamentul de organizare \u015fi func\u0163ionare a bibliotecilor \u015fcolare \u015fi a centrelor de documentare \u015fi infor<\/p>\n<p><img decoding=\"async\" loading=\"lazy\" class=\"attachment-large  wp-post-image jetpack-lazy-image jetpack-lazy-image--handled alignright\" src=\"https:\/\/i1.wp.com\/www.eminescu.rdsor.ro\/wp-content\/uploads\/2018\/01\/Delia_.jpg?fit=640%2C962\" sizes=\"(max-width: 640px) 100vw, 640px\" srcset=\"https:\/\/i1.wp.com\/www.eminescu.rdsor.ro\/wp-content\/uploads\/2018\/01\/Delia_.jpg?w=2832 2832w, https:\/\/i1.wp.com\/www.eminescu.rdsor.ro\/wp-content\/uploads\/2018\/01\/Delia_.jpg?resize=200%2C300 200w, https:\/\/i1.wp.com\/www.eminescu.rdsor.ro\/wp-content\/uploads\/2018\/01\/Delia_.jpg?resize=768%2C1154 768w, https:\/\/i1.wp.com\/www.eminescu.rdsor.ro\/wp-content\/uploads\/2018\/01\/Delia_.jpg?resize=681%2C1024 681w, https:\/\/i1.wp.com\/www.eminescu.rdsor.ro\/wp-content\/uploads\/2018\/01\/Delia_.jpg?w=1280 1280w, https:\/\/i1.wp.com\/www.eminescu.rdsor.ro\/wp-content\/uploads\/2018\/01\/Delia_.jpg?w=1920 1920w\" alt=\"\" width=\"159\" height=\"239\" data-attachment-id=\"8257\" data-permalink=\"http:\/\/www.eminescu.rdsor.ro\/?attachment_id=8257\" data-orig-file=\"https:\/\/i1.wp.com\/www.eminescu.rdsor.ro\/wp-content\/uploads\/2018\/01\/Delia_.jpg?fit=2832%2C4256\" data-orig-size=\"2832,4256\" data-comments-opened=\"1\" data-image-meta=\"{&quot;aperture&quot;:&quot;4&quot;,&quot;credit&quot;:&quot;Deliman Cristian&quot;,&quot;camera&quot;:&quot;NIKON D700&quot;,&quot;caption&quot;:&quot;&quot;,&quot;created_timestamp&quot;:&quot;1517311117&quot;,&quot;copyright&quot;:&quot;Cristian D Photographer&quot;,&quot;focal_length&quot;:&quot;50&quot;,&quot;iso&quot;:&quot;200&quot;,&quot;shutter_speed&quot;:&quot;0.005&quot;,&quot;title&quot;:&quot;&quot;,&quot;orientation&quot;:&quot;1&quot;}\" data-image-title=\"Delia_\" data-image-description=\"\" data-medium-file=\"https:\/\/i1.wp.com\/www.eminescu.rdsor.ro\/wp-content\/uploads\/2018\/01\/Delia_.jpg?fit=200%2C300\" data-large-file=\"https:\/\/i1.wp.com\/www.eminescu.rdsor.ro\/wp-content\/uploads\/2018\/01\/Delia_.jpg?fit=640%2C962\" data-lazy-loaded=\"1\" \/>mare, cf. Ordinului nr. 5.556 \/ 7 oct. 2011).<\/p>\n<\/div>\n<\/div>\n<div class=\"wpb_text_column wpb_content_element \">\n<div class=\"wpb_wrapper\">\n<p><strong>Centrul de Documentare \u015fi Informare<\/strong>\u00a0de la\u00a0<strong>Colegiul Na\u021bional \u201dMihai Eminescu, Oradea,<\/strong>\u00a0func\u021bioneaz\u0103 din 15 ianuarie 2015 \u0219i reprezint\u0103 o zon\u0103 \u00een cadrul \u015fcolii unde se pot desf\u0103\u015fura activit\u0103\u0163i didactice, activit\u0103\u0163i independente ale elevilor \u00een vederea preg\u0103tirii lec\u0163iilor (cercetare, documentare, informare). De asemenea, se \u0163in activit\u0103\u0163i recreative, activit\u0103\u0163i de documentare \u00een vederea preg\u0103tirii de excursii \u015fi vizite organizate, loc de concepere \u015fi elaborare a proiectelor \u015fi portofoliilor \u015fcolare, \u00eemprumuturi de carte \u015fi alte materiale informative \u015fi de documentare pe orice suport (CD, DVD), vizion\u0103ri de filme ( ecraniz\u0103ri ale marilor opere \u0219i nu numai), expozi\u021bii de carte sau expozi\u021bii ale lucr\u0103rilor realizate de copii la diferite activit\u0103\u021bi \u015fi, bine\u00een\u0163eles, activit\u0103\u0163i de documentare, perfec\u0163ionare \u015fi informare a cadrelor didactice.<\/p>\n<\/div>\n<\/div>\n<\/div>\n<\/div>\n<\/div>\n<div class=\"wpb_column vc_column_container vc_col-sm-4\">\n<div class=\"vc_column-inner vc_custom_1517494831237\">\n<div class=\"wpb_wrapper\">\n<div class=\"wpb_text_column wpb_content_element \">\n<div class=\"wpb_wrapper\">\n<div class=\"ots-team-view\" data-id=\"ots-62e13f01e238c\">\n<div id=\"sc_our_team\" class=\"grid sc-col1\">\n<div class=\"clear\"><\/div>\n<div class=\"sc_team_member\" data-id=\"7837\" data-group=\"documentarist;Personal Didactic\">\n<div class=\"sc_team_member_inner\">\n<div class=\"sc_team_member_name\">BALA\u0218 T. DELIA-GEORGETA<\/div>\n<div class=\"sc_team_member_jobtitle\">prof. Documentarist<\/div>\n<div class=\"icons \"><\/div>\n<\/div>\n<\/div>\n<div class=\"clear\"><\/div>\n<\/div>\n<\/div>\n<\/div>\n<\/div>\n<\/div>\n<\/div>\n<\/div>\n<\/div>\n<div class=\"vc_row wpb_row vc_inner vc_row-fluid\">\n<div class=\"wpb_column vc_column_container vc_col-sm-3\">\n<div class=\"vc_column-inner \">\n<div class=\"wpb_wrapper\">\n<div class=\"wpb_single_image wpb_content_element vc_align_center\">\n<figure class=\"wpb_wrapper vc_figure\"><a class=\"vc_single_image-wrapper vc_box_shadow_3d  vc_box_border_grey prettyphoto\" href=\"https:\/\/i0.wp.com\/www.eminescu.rdsor.ro\/wp-content\/uploads\/2018\/02\/centru_1.jpg?fit=640%2C853\" target=\"_self\" data-rel=\"prettyPhoto[rel-8276-1403021665]\" rel=\"noopener\"><img decoding=\"async\" loading=\"lazy\" class=\"vc_single_image-img attachment-medium jetpack-lazy-image jetpack-lazy-image--handled alignright\" src=\"https:\/\/i0.wp.com\/www.eminescu.rdsor.ro\/wp-content\/uploads\/2018\/02\/centru_1.jpg?fit=225%2C300\" sizes=\"(max-width: 225px) 100vw, 225px\" srcset=\"https:\/\/i0.wp.com\/www.eminescu.rdsor.ro\/wp-content\/uploads\/2018\/02\/centru_1.jpg?w=720 720w, https:\/\/i0.wp.com\/www.eminescu.rdsor.ro\/wp-content\/uploads\/2018\/02\/centru_1.jpg?resize=225%2C300 225w\" alt=\"\" width=\"172\" height=\"229\" data-attachment-id=\"8278\" data-permalink=\"http:\/\/www.eminescu.rdsor.ro\/?attachment_id=8278\" data-orig-file=\"https:\/\/i0.wp.com\/www.eminescu.rdsor.ro\/wp-content\/uploads\/2018\/02\/centru_1.jpg?fit=720%2C960\" data-orig-size=\"720,960\" data-comments-opened=\"1\" data-image-meta=\"{&quot;aperture&quot;:&quot;0&quot;,&quot;credit&quot;:&quot;&quot;,&quot;camera&quot;:&quot;&quot;,&quot;caption&quot;:&quot;&quot;,&quot;created_timestamp&quot;:&quot;0&quot;,&quot;copyright&quot;:&quot;&quot;,&quot;focal_length&quot;:&quot;0&quot;,&quot;iso&quot;:&quot;0&quot;,&quot;shutter_speed&quot;:&quot;0&quot;,&quot;title&quot;:&quot;&quot;,&quot;orientation&quot;:&quot;0&quot;}\" data-image-title=\"centru_1\" data-image-description=\"\" data-medium-file=\"https:\/\/i0.wp.com\/www.eminescu.rdsor.ro\/wp-content\/uploads\/2018\/02\/centru_1.jpg?fit=225%2C300\" data-large-file=\"https:\/\/i0.wp.com\/www.eminescu.rdsor.ro\/wp-content\/uploads\/2018\/02\/centru_1.jpg?fit=640%2C853\" data-lazy-loaded=\"1\" \/><\/a><\/figure>\n<\/div>\n<\/div>\n<\/div>\n<\/div>\n<div class=\"wpb_column vc_column_container vc_col-sm-9\">\n<div class=\"vc_column-inner \">\n<div class=\"wpb_wrapper\">\n<div class=\"wpb_text_column wpb_content_element \">\n<div class=\"wpb_wrapper\">\n<p><strong>\u00cen spa\u0163iul CDI<\/strong>\u00a0elevii \u015fi deopotriv\u0103 cadrele didactice pot g\u0103si c\u0103r\u0163i de beletristic\u0103\u00a0incluse \u00een programele \u015fi bibliografiile \u015fcolare, manuale \u00een vederea studiului la clas\u0103, abonamente la ziare , calculatoare legate \u00een re\u0163ea \u015fi cuplate la internet, scanner, imprimant\u0103, proiector.<\/p>\n<p><strong>Rolul Centrului de Documentare \u015fi Informare<\/strong>\u00a0este unul bine definit \u015fi \u00een primul r\u00e2nd asigur\u0103 \u015fanse egale pentru to\u0163i elevii \u00een privin\u0163a accesului la informa\u0163ie \u015fi a materialelor documentare. De asemenea, implementeaz\u0103 una dintre metodele de<br \/>\n\u00eenv\u0103\u0163are cele mai eficiente \u2013 \u00eenv\u0103\u0163area prin descoperire. Elevii se pot recrea citind romane, reviste ori ascult\u00e2nd muzic\u0103 la c\u0103\u015fti, \u00een acela\u015fi timp \u00eenv\u0103\u0163\u00e2ndu-i s\u0103 utilizeze informa\u0163ia, s\u0103 o selecteze, cu alte cuvinte s\u0103 \u015ftie s\u0103 aleag\u0103 din noianul de informa\u0163ii \u015fi documente, pe cele utile.<\/p>\n<p><strong>Profesorul documentarist<\/strong>\u00a0este cel care \u00eendrum\u0103 permanent elevii \u00een utilizarea materialului existent, care se ocup\u0103 de \u00eembun\u0103t\u0103\u0163irea fondului documentar existent \u015fi care men\u0163ine dialogul permanent cu profesorii \u015fi preg\u0103te\u015fte materialele necesare func\u0163ion\u0103rii oric\u0103rei activit\u0103\u0163i \u00een CDI.<\/p>\n<p style=\"text-align: center;\"><img decoding=\"async\" loading=\"lazy\" class=\"alignnone size-medium wp-image-293\" src=\"http:\/\/192.168.0.119\/wp-content\/uploads\/2022\/07\/centru_4-225x300.webp\" alt=\"\" width=\"225\" height=\"300\" srcset=\"http:\/\/www.eminescu.rdsor.ro\/wp-content\/uploads\/2022\/07\/centru_4-225x300.webp 225w, http:\/\/www.eminescu.rdsor.ro\/wp-content\/uploads\/2022\/07\/centru_4.webp 640w\" sizes=\"(max-width: 225px) 100vw, 225px\" \/> <img decoding=\"async\" loading=\"lazy\" class=\"alignnone size-medium wp-image-294\" src=\"http:\/\/192.168.0.119\/wp-content\/uploads\/2022\/07\/centru_3-300x225.webp\" alt=\"\" width=\"300\" height=\"225\" srcset=\"http:\/\/www.eminescu.rdsor.ro\/wp-content\/uploads\/2022\/07\/centru_3-300x225.webp 300w, http:\/\/www.eminescu.rdsor.ro\/wp-content\/uploads\/2022\/07\/centru_3.webp 640w\" sizes=\"(max-width: 300px) 100vw, 300px\" \/> <img decoding=\"async\" loading=\"lazy\" class=\"alignnone size-medium wp-image-295\" src=\"http:\/\/192.168.0.119\/wp-content\/uploads\/2022\/07\/centru_2-225x300.webp\" alt=\"\" width=\"225\" height=\"300\" srcset=\"http:\/\/www.eminescu.rdsor.ro\/wp-content\/uploads\/2022\/07\/centru_2-225x300.webp 225w, http:\/\/www.eminescu.rdsor.ro\/wp-content\/uploads\/2022\/07\/centru_2.webp 640w\" sizes=\"(max-width: 225px) 100vw, 225px\" \/><\/p>\n<\/div>\n<\/div>\n<\/div>\n<\/div>\n<\/div>\n<\/div>\n","protected":false},"excerpt":{"rendered":"<p>CENTRUL DE DOCUMENTARE \u015eI INFORMARE (CDI) CDI (Centrul de Documentare \u015fi Informare)\u00a0este o structur\u0103 infodocumentar\u0103<\/p>\n","protected":false},"author":1,"featured_media":0,"parent":0,"menu_order":0,"comment_status":"closed","ping_status":"closed","template":"","meta":{"ub_ctt_via":""},"featured_image_src":null,"_links":{"self":[{"href":"http:\/\/www.eminescu.rdsor.ro\/index.php\/wp-json\/wp\/v2\/pages\/86"}],"collection":[{"href":"http:\/\/www.eminescu.rdsor.ro\/index.php\/wp-json\/wp\/v2\/pages"}],"about":[{"href":"http:\/\/www.eminescu.rdsor.ro\/index.php\/wp-json\/wp\/v2\/types\/page"}],"author":[{"embeddable":true,"href":"http:\/\/www.eminescu.rdsor.ro\/index.php\/wp-json\/wp\/v2\/users\/1"}],"replies":[{"embeddable":true,"href":"http:\/\/www.eminescu.rdsor.ro\/index.php\/wp-json\/wp\/v2\/comments?post=86"}],"version-history":[{"count":3,"href":"http:\/\/www.eminescu.rdsor.ro\/index.php\/wp-json\/wp\/v2\/pages\/86\/revisions"}],"predecessor-version":[{"id":296,"href":"http:\/\/www.eminescu.rdsor.ro\/index.php\/wp-json\/wp\/v2\/pages\/86\/revisions\/296"}],"wp:attachment":[{"href":"http:\/\/www.eminescu.rdsor.ro\/index.php\/wp-json\/wp\/v2\/media?parent=86"}],"curies":[{"name":"wp","href":"https:\/\/api.w.org\/{rel}","templated":true}]}}